{"id":18721,"date":"2020-03-31T11:55:42","date_gmt":"2020-03-31T09:55:42","guid":{"rendered":"https:\/\/www.icop.it\/durabilite\/cooperazione-internazionale\/"},"modified":"2020-12-01T11:47:16","modified_gmt":"2020-12-01T10:47:16","slug":"cooperation-internationale","status":"publish","type":"page","link":"https:\/\/www.icop.it\/fr\/durabilite\/cooperation-internationale\/","title":{"rendered":"Coop\u00e9ration internationale"},"content":{"rendered":"<div id='layer_slider_1'  class='avia-layerslider main_color avia-shadow  avia-builder-el-0  el_before_av_one_full  avia-builder-el-first  container_wrap sidebar_left' style='  height: 351px; max-width: 1280px; margin: 0 auto;' ><\/div><div id='after_layer_slider_1'  class='main_color av_default_container_wrap container_wrap sidebar_left' style=' '  ><div class='container' ><div class='template-page content  av-content-small units'><div class='post-entry post-entry-type-page post-entry-18721'><div class='entry-content-wrapper clearfix'>\n<div class=\"flex_column av_one_full  flex_column_div av-zero-column-padding first  avia-builder-el-1  el_after_av_layerslider  el_before_av_one_full  avia-builder-el-first  \" style='border-radius:0px; '><section class=\"av_textblock_section \"  itemscope=\"itemscope\" itemtype=\"https:\/\/schema.org\/CreativeWork\" ><div class='avia_textblock  '   itemprop=\"text\" ><h2 class=\"p1\">L&rsquo;ENGAGEMENT DE I.CO.P. AU SOUDAN DU SUD<\/h2>\n<\/div><\/section><br \/>\n<section class=\"av_textblock_section \"  itemscope=\"itemscope\" itemtype=\"https:\/\/schema.org\/CreativeWork\" ><div class='avia_textblock  '   itemprop=\"text\" ><p class=\"p1\"><strong>I.CO.P. a commenc\u00e9 \u00e0 travailler au Soudan du Sud en 2006<\/strong>, imm\u00e9diatement apr\u00e8s le cessez-le-feu qui a mis fin \u00e0 une guerre civile de vingt ans qui a co\u00fbt\u00e9 pr\u00e8s de deux millions de morts et quatre millions de r\u00e9fugi\u00e9s. La premi\u00e8re action de soutien \u00e0 la population locale a \u00e9t\u00e9 la conception et la <strong>construction d&rsquo;un pont d&rsquo;environ 100 m\u00e8tres sur la rivi\u00e8re Payee<\/strong>, le long de la route reliant Rumbek \u00e0 Yirol, en collaboration avec le D\u00e9partement de la protection civile.<\/p>\n<p class=\"p1\">De cette premi\u00e8re exp\u00e9rience directe dans le pays et de la rencontre avec un P\u00e8re Combonien italien qui \u00e9tait dans ces terres depuis plus de trente ans, l&rsquo;id\u00e9e est n\u00e9e de donner vie \u00e0 une <strong>organisation \u00e0 but non lucratif<\/strong> avec laquelle organiser, planifier, financer, construire et <strong>soutenir une \u00e9cole professionnelle primaire<\/strong> dans la r\u00e9gion &#8211; le centre de formation professionnelle Ireneo Dud.<\/p>\n<p class=\"p1\">Afin de mener \u00e0 bien ce projet, les propri\u00e9taires de I.CO.P., ainsi que certains dirigeants et collaborateurs, ont <strong>fond\u00e9 en 2006 l&rsquo;Association Sudin Onlus<\/strong>, qui implique \u00e9galement d&rsquo;autres entreprises et op\u00e9rateurs du secteur de la construction. En outre, I.CO.P. a mis son personnel technique \u00e0 disposition des diff\u00e9rentes initiatives sur place, sans la contribution de qui le d\u00e9veloppement du projet n&rsquo;aurait pas \u00e9t\u00e9 possible.<\/p>\n<\/div><\/section><br \/>\n<div  class='avia-image-container  av-styling-    avia-builder-el-4  el_after_av_textblock  el_before_av_textblock  avia-align-center '  itemprop=\"image\" itemscope=\"itemscope\" itemtype=\"https:\/\/schema.org\/ImageObject\"  ><div class='avia-image-container-inner'><div class='avia-image-overlay-wrap'><img class='avia_image' src='https:\/\/www.icop.it\/wp-content\/uploads\/2020\/05\/8_Indipendenza-economica-ed-energetica-4.jpg' alt='' title='' height=\"396\" width=\"1473\"  itemprop=\"thumbnailUrl\"  \/><\/div><\/div><\/div><br \/>\n<section class=\"av_textblock_section \"  itemscope=\"itemscope\" itemtype=\"https:\/\/schema.org\/CreativeWork\" ><div class='avia_textblock  '   itemprop=\"text\" ><p class=\"p1\">L&rsquo;activit\u00e9 dans ce pays s&rsquo;est poursuivie et se poursuit encore sur <strong>quatre fronts principaux<\/strong>:<\/p>\n<ul>\n<li class=\"p1\">une formation dispens\u00e9e par <strong>l&rsquo;\u00e9cole des arts et m\u00e9tiers<\/strong> \u00abIreneo Dud Vocational Training Center\u00bb;<\/li>\n<li class=\"p1\">une <strong>ferme durable<\/strong>;<\/li>\n<li class=\"p1\">la succursale de I.CO.P. au Soudan du Sud en tant que <strong>p\u00e9pini\u00e8re d&rsquo;entreprises<\/strong> pour les jeunes locaux;<\/li>\n<li class=\"p1\"><strong>des jardins potagers et projets<\/strong> pour les femmes.<\/li>\n<\/ul>\n<\/div><\/section><br \/>\n<div  class='av-horizontal-gallery av-horizontal-gallery-large-gap av-horizontal-gallery-enlarge-effect av-horizontal-gallery-1  avia-builder-el-6  el_after_av_textblock  avia-builder-el-last  av-control-default '  itemprop=\"image\" itemscope=\"itemscope\" itemtype=\"https:\/\/schema.org\/ImageObject\"  style='padding: 3.75% 0px;' data-av-enlarge='1.3'  ><div class='avia-slideshow-arrows avia-slideshow-controls'><a href='#prev' class='prev-slide av-horizontal-gallery-prev' aria-hidden='true' data-av_icon='\ue87c' data-av_iconfont='entypo-fontello'>Pr\u00e9c\u00e9dent<\/a><a href='#next' class='next-slide av-horizontal-gallery-next' aria-hidden='true' data-av_icon='\ue87d' data-av_iconfont='entypo-fontello'>Suivant <\/a><\/div><div class='av-horizontal-gallery-inner' style='padding-bottom:25%' data-av-height='25'><div class='av-horizontal-gallery-slider'><div class='av-horizontal-gallery-wrap noHover'><img class='av-horizontal-gallery-img' width='728' height='546' src='https:\/\/www.icop.it\/wp-content\/uploads\/2020\/05\/8_Indipendenza-economica-ed-energetica-5.jpg' title='' alt='' \/><a href='https:\/\/www.icop.it\/wp-content\/uploads\/2020\/05\/8_Indipendenza-economica-ed-energetica-5.jpg'  class='av-horizontal-gallery-link' aria-hidden='true' data-av_icon='\ue869' data-av_iconfont='entypo-fontello' title=''><\/a><\/div><div class='av-horizontal-gallery-wrap noHover'><img class='av-horizontal-gallery-img' width='451' height='676' src='https:\/\/www.icop.it\/wp-content\/uploads\/2020\/05\/6_Strutture-personale-mezzi-del-centro-3.jpg' title='' alt='' \/><a href='https:\/\/www.icop.it\/wp-content\/uploads\/2020\/05\/6_Strutture-personale-mezzi-del-centro-3.jpg'  class='av-horizontal-gallery-link' aria-hidden='true' data-av_icon='\ue869' data-av_iconfont='entypo-fontello' title=''><\/a><\/div><div class='av-horizontal-gallery-wrap noHover'><img class='av-horizontal-gallery-img' width='1030' height='687' src='https:\/\/www.icop.it\/wp-content\/uploads\/2020\/05\/8_Indipendenza-economica-ed-energetica-2.jpg' title='' alt='' \/><a href='https:\/\/www.icop.it\/wp-content\/uploads\/2020\/05\/8_Indipendenza-economica-ed-energetica-2.jpg'  class='av-horizontal-gallery-link' aria-hidden='true' data-av_icon='\ue869' data-av_iconfont='entypo-fontello' title=''><\/a><\/div><div class='av-horizontal-gallery-wrap noHover'><img class='av-horizontal-gallery-img' width='1030' height='687' src='https:\/\/www.icop.it\/wp-content\/uploads\/2020\/05\/8_Indipendenza-economica-ed-energetica-1.jpg' title='' alt='' \/><a href='https:\/\/www.icop.it\/wp-content\/uploads\/2020\/05\/8_Indipendenza-economica-ed-energetica-1.jpg'  class='av-horizontal-gallery-link' aria-hidden='true' data-av_icon='\ue869' data-av_iconfont='entypo-fontello' title=''><\/a><\/div><div class='av-horizontal-gallery-wrap noHover'><img class='av-horizontal-gallery-img' width='694' height='464' src='https:\/\/www.icop.it\/wp-content\/uploads\/2020\/05\/7_Contributo-della-scuola-al-territorio-2.jpg' title='' alt='' \/><a href='https:\/\/www.icop.it\/wp-content\/uploads\/2020\/05\/7_Contributo-della-scuola-al-territorio-2.jpg'  class='av-horizontal-gallery-link' aria-hidden='true' data-av_icon='\ue869' data-av_iconfont='entypo-fontello' title=''><\/a><\/div><div class='av-horizontal-gallery-wrap noHover'><img class='av-horizontal-gallery-img' width='1030' height='687' src='https:\/\/www.icop.it\/wp-content\/uploads\/2020\/05\/3_Sud-Sudan-2.jpg' title='' alt='' \/><a href='https:\/\/www.icop.it\/wp-content\/uploads\/2020\/05\/3_Sud-Sudan-2.jpg'  class='av-horizontal-gallery-link' aria-hidden='true' data-av_icon='\ue869' data-av_iconfont='entypo-fontello' title=''><\/a><\/div><div class='av-horizontal-gallery-wrap noHover'><img class='av-horizontal-gallery-img' width='1030' height='774' src='https:\/\/www.icop.it\/wp-content\/uploads\/2020\/04\/3_Sud-Sudan-4.jpg' title='3_Sud Sudan (4)' alt='' \/><a href='https:\/\/www.icop.it\/wp-content\/uploads\/2020\/04\/3_Sud-Sudan-4.jpg'  class='av-horizontal-gallery-link' aria-hidden='true' data-av_icon='\ue869' data-av_iconfont='entypo-fontello' title='3_Sud Sudan (4)'><\/a><\/div><div class='av-horizontal-gallery-wrap noHover'><img class='av-horizontal-gallery-img' width='1030' height='774' src='https:\/\/www.icop.it\/wp-content\/uploads\/2020\/04\/3_Sud-Sudan-1.jpg' title='3_Sud Sudan (1)' alt='' \/><a href='https:\/\/www.icop.it\/wp-content\/uploads\/2020\/04\/3_Sud-Sudan-1.jpg'  class='av-horizontal-gallery-link' aria-hidden='true' data-av_icon='\ue869' data-av_iconfont='entypo-fontello' title='3_Sud Sudan (1)'><\/a><\/div><div class='av-horizontal-gallery-wrap noHover'><img class='av-horizontal-gallery-img' width='482' height='315' src='https:\/\/www.icop.it\/wp-content\/uploads\/2020\/04\/9_Attivita\u0300-della-Branch-1.png' title='9_Attivita\u0300 della Branch (1)' alt='' \/><a href='https:\/\/www.icop.it\/wp-content\/uploads\/2020\/04\/9_Attivita\u0300-della-Branch-1.png'  class='av-horizontal-gallery-link' aria-hidden='true' data-av_icon='\ue869' data-av_iconfont='entypo-fontello' title='9_Attivita\u0300 della Branch (1)'><\/a><\/div><\/div><\/div><\/div><\/p><\/div>\n<div class=\"flex_column av_one_full  flex_column_div av-zero-column-padding first  avia-builder-el-7  el_after_av_one_full  el_before_av_one_full  column-top-margin\" style='border-radius:0px; '><section class=\"av_textblock_section \"  itemscope=\"itemscope\" itemtype=\"https:\/\/schema.org\/CreativeWork\" ><div class='avia_textblock  '   itemprop=\"text\" ><h4 class=\"p1\"><span class=\"s1\">Centre de formation professionnelle Ireneo Dud<\/span><\/h4>\n<p class=\"p1\">Le Centre Ireneo Dud est situ\u00e9 \u00e0 Bahrgel, <strong>un village rural d&rsquo;environ 1000 habitants<\/strong> dans le comt\u00e9 de Cueibet, dans l&rsquo;\u00c9tat des lacs au Soudan du Sud. C&rsquo;est une \u00e9cole g\u00e9r\u00e9e directement par<strong> Sudin Onlus<\/strong> en collaboration avec le dioc\u00e8se de Rumbek \u00e0 travers la Fondation Ireneo Dud, un organisme local enti\u00e8rement gouvern\u00e9 et contr\u00f4l\u00e9 par Sudin. L&rsquo;ensemble de l&rsquo;institut se <strong>situe sur un terrain d&rsquo;environ 500 hectares<\/strong>, donn\u00e9 par le gouvernement local en 2006.<\/p>\n<p class=\"p1\">Sudin a collabor\u00e9 avec le nouveau minist\u00e8re de l&rsquo;\u00c9ducation locale afin de structurer le <strong>programme des \u00e9coles professionnelles<\/strong>, qui n&rsquo;existait pas auparavant. Dans ce contexte, la contribution des professionnels et techniciens de l&rsquo;entreprise impliqu\u00e9s dans le projet a \u00e9t\u00e9 fondamentale.<\/p>\n<p class=\"p1\">Au Centre, l&rsquo;enseignement des mati\u00e8res classiques (anglais, math\u00e9matiques, sciences, sciences sociales, g\u00e9ographie, histoire et religion) s&rsquo;accompagne de l&rsquo;enseignement de mati\u00e8res techniques: construction (cours th\u00e9orique et pratique), agriculture (cours pratique), tissage (cours pratique pour filles).<\/p>\n<\/div><\/section><br \/>\n<div  class='avia-image-container  av-styling-    avia-builder-el-9  el_after_av_textblock  avia-builder-el-last  avia-align-center '  itemprop=\"image\" itemscope=\"itemscope\" itemtype=\"https:\/\/schema.org\/ImageObject\"  ><div class='avia-image-container-inner'><div class='avia-image-overlay-wrap'><img class='avia_image' src='https:\/\/www.icop.it\/wp-content\/uploads\/2020\/04\/4_Ireneo-Dud-Vocational-Training-Center-1-scaled.jpg' alt='' title='4_Ireneo Dud Vocational Training Center (1)' height=\"1707\" width=\"2560\"  itemprop=\"thumbnailUrl\"  \/><\/div><\/div><\/div><\/p><\/div>\n<div class=\"flex_column av_one_full  flex_column_div av-zero-column-padding first  avia-builder-el-10  el_after_av_one_full  el_before_av_one_half  column-top-margin\" style='border-radius:0px; '><section class=\"av_textblock_section \"  itemscope=\"itemscope\" itemtype=\"https:\/\/schema.org\/CreativeWork\" ><div class='avia_textblock  '   itemprop=\"text\" ><p class=\"p1\">Le centre s&rsquo;est ensuite organis\u00e9 pour offrir \u00e9galement des <strong>cours de formation continue<\/strong>. Les guerres civiles qui ont ravag\u00e9 ces terres les ont laiss\u00e9es sans tout. Il n&rsquo;y a pas d&rsquo;alphab\u00e9tisation et il y a un manque de connaissances en mati\u00e8re d&rsquo;assainissement de base. Pour r\u00e9pondre \u00e0 ces besoins et \u00e0 d&rsquo;autres besoins essentiels, divers cours ont \u00e9t\u00e9 d\u00e9velopp\u00e9s au <strong>sein du centre pour la population locale<\/strong>:<\/p>\n<ul>\n<li class=\"p1\">un cours d&rsquo;<strong>anglais<\/strong>;<\/li>\n<li class=\"p1\">un cours d&rsquo;<strong>hygi\u00e8ne de base<\/strong>;<\/li>\n<li class=\"p1\">un cours de <strong>soutien parental<\/strong>.<\/li>\n<\/ul>\n<\/div><\/section><br \/>\n<div  class='avia-image-container  av-styling-    avia-builder-el-12  el_after_av_textblock  el_before_av_textblock  avia-align-center '  itemprop=\"image\" itemscope=\"itemscope\" itemtype=\"https:\/\/schema.org\/ImageObject\"  ><div class='avia-image-container-inner'><div class='avia-image-overlay-wrap'><img class='avia_image' src='https:\/\/www.icop.it\/wp-content\/uploads\/2020\/05\/5_Attivit\u00e0-del-centro-5.jpg' alt='' title='' height=\"536\" width=\"1471\"  itemprop=\"thumbnailUrl\"  \/><\/div><\/div><\/div><br \/>\n<section class=\"av_textblock_section \"  itemscope=\"itemscope\" itemtype=\"https:\/\/schema.org\/CreativeWork\" ><div class='avia_textblock  '   itemprop=\"text\" ><p class=\"p1\">Le Centre de formation professionnelle est fr\u00e9quent\u00e9 par une <strong>centaine de jeunes<\/strong>, dont au moins quarante filles.<\/p>\n<p class=\"p1\">Depuis le d\u00e9but du projet, <strong>plus de 500 enfants<\/strong> ont fr\u00e9quent\u00e9 l&rsquo;\u00e9cole, dont 250 ont d\u00e9j\u00e0 obtenu leur dipl\u00f4me. Plus de 300 femmes ont suivi des cours de base et d\u2019agriculture. <strong>Plus de 600 familles<\/strong> ont pu suivre des cours d&rsquo;horticulture, d&rsquo;hygi\u00e8ne de base, de formation nutritionnelle et de soutien parental.<\/p>\n<p class=\"p1\">Actuellement, <strong>9 int\u00e9rimaires travaillent au Centre<\/strong>, tous locaux, dont 3 femmes, et 18 sont permanents. Les ouvriers effectuent principalement des t\u00e2ches d&rsquo;entretien et d&rsquo;agrandissement du centre et de l&rsquo;\u00e9cole et sont responsables de la cuisine.<\/p>\n<\/div><\/section><br \/>\n<section class=\"av_textblock_section \"  itemscope=\"itemscope\" itemtype=\"https:\/\/schema.org\/CreativeWork\" ><div class='avia_textblock  '   itemprop=\"text\" ><p class=\"p1\">Il est important de souligner que le Centre, en plus de sa fonction de formation, sert \u00e9galement de <strong>point de r\u00e9f\u00e9rence pour un vaste territoire<\/strong>. En fait, il dispose d&rsquo;un petit dispensaire (suivi d&rsquo;un volontaire italien) o\u00f9 les <strong>premiers secours<\/strong> sont fournis \u00e0 la communaut\u00e9 et il est devenu un lieu de refuge pour les populations locales, en particulier lorsque la violence explose et que la s\u00e9curit\u00e9 des personnes est fortement en danger. N\u00e9anmoins, il est aussi un site <strong>ludique et r\u00e9cr\u00e9atif<\/strong>, puisque la disponibilit\u00e9 de l&rsquo;\u00e9lectricit\u00e9 permet, par exemple, la projection de films une fois par semaine.<\/p>\n<\/div><\/section><\/p><\/div>\n<div class=\"flex_column av_one_half  flex_column_div av-zero-column-padding first  avia-builder-el-15  el_after_av_one_full  el_before_av_one_half  column-top-margin\" style='border-radius:0px; '><div  class='avia-image-container  av-styling-    avia-builder-el-16  avia-builder-el-no-sibling  avia-align-center '  itemprop=\"image\" itemscope=\"itemscope\" itemtype=\"https:\/\/schema.org\/ImageObject\"  ><div class='avia-image-container-inner'><div class='avia-image-overlay-wrap'><img class='avia_image' src='https:\/\/www.icop.it\/wp-content\/uploads\/2020\/04\/4_Ireneo-Dud-Vocational-Training-Center-2.jpg' alt='' title='4_Ireneo Dud Vocational Training Center (2)' height=\"976\" width=\"1299\"  itemprop=\"thumbnailUrl\"  \/><\/div><\/div><\/div><\/div>\n<div class=\"flex_column av_one_half  flex_column_div av-zero-column-padding   avia-builder-el-17  el_after_av_one_half  el_before_av_hr  column-top-margin\" style='border-radius:0px; '><div  class='avia-image-container  av-styling-    avia-builder-el-18  avia-builder-el-no-sibling  avia-align-center '  itemprop=\"image\" itemscope=\"itemscope\" itemtype=\"https:\/\/schema.org\/ImageObject\"  ><div class='avia-image-container-inner'><div class='avia-image-overlay-wrap'><img class='avia_image' src='https:\/\/www.icop.it\/wp-content\/uploads\/2020\/04\/4_Ireneo-Dud-Vocational-Training-Center-3.jpg' alt='' title='4_Ireneo Dud Vocational Training Center (3)' height=\"976\" width=\"1299\"  itemprop=\"thumbnailUrl\"  \/><\/div><\/div><\/div><\/div>\n<div  style='height:50px' class='hr hr-invisible   avia-builder-el-19  el_after_av_one_half  el_before_av_one_full '><span class='hr-inner ' ><span class='hr-inner-style'><\/span><\/span><\/div>\n<div class=\"flex_column av_one_full  flex_column_div av-zero-column-padding first  avia-builder-el-20  el_after_av_hr  el_before_av_hr  \" style='border-radius:0px; '><section class=\"av_textblock_section \"  itemscope=\"itemscope\" itemtype=\"https:\/\/schema.org\/CreativeWork\" ><div class='avia_textblock  '   itemprop=\"text\" ><h4 class=\"p1\"><span class=\"s1\">Ferme durable<\/span><\/h4>\n<\/div><\/section><br \/>\n<section class=\"av_textblock_section \"  itemscope=\"itemscope\" itemtype=\"https:\/\/schema.org\/CreativeWork\" ><div class='avia_textblock  '   itemprop=\"text\" ><p class=\"p1\">\u00c9tant donn\u00e9 que l&rsquo;autosuffisance a \u00e9t\u00e9 l&rsquo;une des pierres angulaires du projet d\u00e8s le d\u00e9part, divers <strong>syst\u00e8mes d&rsquo;autofinancement<\/strong> ont \u00e9t\u00e9 lanc\u00e9s tout de suite, y compris le projet agricole.<\/p>\n<\/div><\/section><br \/>\n<div  class='avia-image-container  av-styling-    avia-builder-el-23  el_after_av_textblock  el_before_av_textblock  avia-align-center '  itemprop=\"image\" itemscope=\"itemscope\" itemtype=\"https:\/\/schema.org\/ImageObject\"  ><div class='avia-image-container-inner'><div class='avia-image-overlay-wrap'><img class='avia_image' src='https:\/\/www.icop.it\/wp-content\/uploads\/2020\/05\/7_Contributo-della-scuola-al-territorio-3.jpg' alt='' title='' height=\"469\" width=\"1264\"  itemprop=\"thumbnailUrl\"  \/><\/div><\/div><\/div><br \/>\n<section class=\"av_textblock_section \"  itemscope=\"itemscope\" itemtype=\"https:\/\/schema.org\/CreativeWork\" ><div class='avia_textblock  '   itemprop=\"text\" ><p class=\"p1\">Dans le comt\u00e9 de Cueibet, l&rsquo;activit\u00e9 agricole de la population est r\u00e9alis\u00e9e avec des techniques peu productives et les aliments du Kenya et d&rsquo;Ouganda, qui constituent une grande partie de l&rsquo;alimentation, deviennent de plus en plus difficiles \u00e0 importer en raison des conditions routi\u00e8res et des conflits ethniques, ce qui augmente consid\u00e9rablement le prix d\u00e9j\u00e0 inaccessible pour de nombreuses familles soudanaises. Le projet de<strong> ferme durable<\/strong> vise \u00e0 am\u00e9liorer l&rsquo;autosuffisance alimentaire de la communaut\u00e9 de Barghel.<\/p>\n<\/div><\/section><\/p><\/div>\n<div  style='height:1px; margin-top:-10px'  class='hr hr-invisible   avia-builder-el-25  el_after_av_one_full  el_before_av_one_half '><span class='hr-inner ' ><span class='hr-inner-style'><\/span><\/span><\/div>\n<div class=\"flex_column av_one_half  flex_column_div av-zero-column-padding first  avia-builder-el-26  el_after_av_hr  el_before_av_one_half  \" style='border-radius:0px; '><section class=\"av_textblock_section \"  itemscope=\"itemscope\" itemtype=\"https:\/\/schema.org\/CreativeWork\" ><div class='avia_textblock  '   itemprop=\"text\" ><p class=\"p1\">Les activit\u00e9s men\u00e9es pour atteindre cet objectif comprennent:<\/p>\n<p class=\"p1\"><strong>&#8211; activation et continuit\u00e9 de partenariats avec la FAO<\/strong> (Organisation des Nations Unies pour l&rsquo;alimentation et l&rsquo;agriculture) et le PAM (Programme alimentaire mondial) pour la distribution de semences et d&rsquo;intrants agricoles;<\/p>\n<p class=\"p1\"><strong>&#8211; formation<\/strong> pour l&rsquo;am\u00e9lioration des techniques agricoles;<\/p>\n<p class=\"p1\"><strong>&#8211; pr\u00e9paration<\/strong> de la terre pour la culture;<\/p>\n<p class=\"p1\"><strong>&#8211; distribution<\/strong> d&rsquo;outils et de mat\u00e9riels agricoles;<\/p>\n<p class=\"p1\"><strong>&#8211; construction<\/strong> de puits pour am\u00e9liorer l&rsquo;irrigation des champs agricoles.<\/p>\n<\/div><\/section><\/div>\n<div class=\"flex_column av_one_half  flex_column_div av-zero-column-padding   avia-builder-el-28  el_after_av_one_half  el_before_av_hr  \" style='border-radius:0px; '><div  class='avia-image-container  av-styling-    avia-builder-el-29  avia-builder-el-no-sibling  avia-align-center '  itemprop=\"image\" itemscope=\"itemscope\" itemtype=\"https:\/\/schema.org\/ImageObject\"  ><div class='avia-image-container-inner'><div class='avia-image-overlay-wrap'><img class='avia_image' src='https:\/\/www.icop.it\/wp-content\/uploads\/2020\/05\/5_Attivit\u00e0-del-centro-3.jpg' alt='' title='' height=\"866\" width=\"1299\"  itemprop=\"thumbnailUrl\"  \/><\/div><\/div><\/div><\/div>\n<div  style='height:1px; margin-top:-10px'  class='hr hr-invisible   avia-builder-el-30  el_after_av_one_half  el_before_av_one_full '><span class='hr-inner ' ><span class='hr-inner-style'><\/span><\/span><\/div>\n<div class=\"flex_column av_one_full  flex_column_div av-zero-column-padding first  avia-builder-el-31  el_after_av_hr  el_before_av_hr  \" style='border-radius:0px; '><section class=\"av_textblock_section \"  itemscope=\"itemscope\" itemtype=\"https:\/\/schema.org\/CreativeWork\" ><div class='avia_textblock  '   itemprop=\"text\" ><p class=\"p1\">Au sein de l&rsquo;\u00e9cole, un <strong>cours annuel de pratique agricole<\/strong> a \u00e9t\u00e9 int\u00e9gr\u00e9 en permanence au programme. Les exercices se d\u00e9roulent dans le jardin de d\u00e9monstration du centre.<\/p>\n<p class=\"p1\">Dans le potager mis \u00e0 la disposition du Centre, <strong>des fruits et des l\u00e9gumes sont cultiv\u00e9s<\/strong> pour les \u00e9tudiants, les enseignants, les b\u00e9n\u00e9voles et les travailleurs.<\/p>\n<p class=\"p1\">Le Centre fournit \u00e9galement un service payant de <strong>mouture des c\u00e9r\u00e9ales<\/strong> (sorgho et ma\u00efs) dans le but de g\u00e9n\u00e9rer des revenus pour l&rsquo;\u00e9cole et d&rsquo;aider la communaut\u00e9 locale.<\/p>\n<p class=\"p1\">Afin que le complexe soit ind\u00e9pendant \u00e9galement du point de vue \u00e9nerg\u00e9tique, des <strong>panneaux solaires<\/strong> et un <strong>syst\u00e8me photovolta\u00efque de 40 kWh<\/strong> ont \u00e9t\u00e9 install\u00e9s. Ceux-ci permettent une <strong>autonomie \u00e9nerg\u00e9tique compl\u00e8te \u00e0 l&rsquo;\u00e9cole<\/strong>, ainsi que le fonctionnement du nouveau syst\u00e8me d&rsquo;irrigation du potager et des terres arables, cr\u00e9\u00e9 par I.CO.P.<\/p>\n<\/div><\/section><\/div>\n<div  style='height:50px' class='hr hr-invisible   avia-builder-el-33  el_after_av_one_full  el_before_av_one_full '><span class='hr-inner ' ><span class='hr-inner-style'><\/span><\/span><\/div>\n<div class=\"flex_column av_one_full  flex_column_div av-zero-column-padding first  avia-builder-el-34  el_after_av_hr  el_before_av_one_half  \" style='border-radius:0px; '><section class=\"av_textblock_section \"  itemscope=\"itemscope\" itemtype=\"https:\/\/schema.org\/CreativeWork\" ><div class='avia_textblock  '   itemprop=\"text\" ><h4 class=\"p1\"><span class=\"s1\"> La succursale de I.CO.P. au Soudan du Sud <\/span><\/h4>\n<p class=\"p1\">L&rsquo;association Sudin Onlus n&rsquo;aurait pas \u00e9t\u00e9 en mesure de soutenir, \u00e0 elle seule, un projet d&rsquo;une telle complexit\u00e9 dans un domaine aussi probl\u00e9matique. Tout en \u00e9tant fermement convaincu que le but du projet doit \u00eatre de cr\u00e9er une \u00e9cole et une structure capables de s&rsquo;autofinancer, <strong>I.CO.P. a d\u00e9cid\u00e9 d&rsquo;intervenir pour assurer la continuit\u00e9 de cette exp\u00e9rience<\/strong> jusqu&rsquo;\u00e0 ce que l&rsquo;on puisse dire que l&rsquo;objectif est atteint, en int\u00e9grant financi\u00e8rement les ressources n\u00e9cessaires au maintien de l\u2019IDF.<\/p>\n<\/div><\/section><br \/>\n<div  class='avia-image-container  av-styling-    avia-builder-el-36  el_after_av_textblock  el_before_av_textblock  avia-align-center '  itemprop=\"image\" itemscope=\"itemscope\" itemtype=\"https:\/\/schema.org\/ImageObject\"  ><div class='avia-image-container-inner'><div class='avia-image-overlay-wrap'><img class='avia_image' src='https:\/\/www.icop.it\/wp-content\/uploads\/2020\/05\/8_Indipendenza-economica-ed-energetica-7.jpg' alt='' title='' height=\"436\" width=\"1471\"  itemprop=\"thumbnailUrl\"  \/><\/div><\/div><\/div><br \/>\n<section class=\"av_textblock_section \"  itemscope=\"itemscope\" itemtype=\"https:\/\/schema.org\/CreativeWork\" ><div class='avia_textblock  '   itemprop=\"text\" ><p class=\"p1\">Pour trouver des ressources pour l&rsquo;\u00e9cole et pouvoir contribuer avec les moyens les plus adapt\u00e9s, <strong>I.CO.P. a fond\u00e9 sa propre succursale sud-soudanaise \u00e0 des fins non lucratives<\/strong>.<\/p>\n<p class=\"p1\">L&rsquo;aspect particulier du projet est la nouvelle mani\u00e8re dont une soci\u00e9t\u00e9 \u00e0 but lucratif se propose comme <strong>incubateur pour l&rsquo;entreprise sociale<\/strong>: en effectuant les travaux, d&rsquo;une part, elle forme du personnel qualifi\u00e9, d&rsquo;autre part, elle transf\u00e8re les b\u00e9n\u00e9fices enti\u00e8rement \u00e0 l\u2019IDF. Les b\u00e9n\u00e9fices des travaux r\u00e9alis\u00e9s sont en effet allou\u00e9s \u00e0 l&rsquo;IDF, qui reste le principal partenaire de <strong>I.CO.P. au Soudan du Sud,<\/strong> notamment en termes de formation de personnel qualifi\u00e9.<\/p>\n<p class=\"p1\">Pour assurer la poursuite du projet, <strong>I.CO.P. assure la pr\u00e9sence du personnel<\/strong>, ainsi que des moyens, \u00e9quipements et mati\u00e8res premi\u00e8res n\u00e9cessaires; au moins une fois par an, elle envoie du mat\u00e9riel d&rsquo;Italie, en particulier de la nourriture, des pi\u00e8ces de rechange et du mat\u00e9riel de travail pour la construction des puits.<\/p>\n<p class=\"p1\">L&rsquo;agence fonctionne en participant \u00e0 des appels d&rsquo;offres et en pr\u00e9parant des offres pour pouvoir <strong>r\u00e9aliser des travaux sur site \u00e0 r\u00e9aliser gr\u00e2ce \u00e0 la collaboration entre son personnel et les jeunes travailleurs form\u00e9s au Centre<\/strong> de formation professionnelle. D&rsquo;autres travailleurs locaux sont \u00e9galement impliqu\u00e9s dans la r\u00e9alisation de ces travaux, de sorte que m\u00eame les ressources de main-d&rsquo;\u0153uvre r\u00e9duites peuvent \u00eatre int\u00e9gr\u00e9es dans tous les projets.<\/p>\n<\/div><\/section><\/p><\/div>\n<div class=\"flex_column av_one_half  flex_column_div av-zero-column-padding first  avia-builder-el-38  el_after_av_one_full  el_before_av_one_half  column-top-margin\" style='border-radius:0px; '><div  class='avia-image-container  av-styling-    avia-builder-el-39  avia-builder-el-no-sibling  avia-align-center '  itemprop=\"image\" itemscope=\"itemscope\" itemtype=\"https:\/\/schema.org\/ImageObject\"  ><div class='avia-image-container-inner'><div class='avia-image-overlay-wrap'><img class='avia_image' src='https:\/\/www.icop.it\/wp-content\/uploads\/2020\/04\/10_Progetti-1.jpg' alt='' title='10_Progetti (1)' height=\"866\" width=\"1299\"  itemprop=\"thumbnailUrl\"  \/><\/div><\/div><\/div><\/div>\n<div class=\"flex_column av_one_half  flex_column_div av-zero-column-padding   avia-builder-el-40  el_after_av_one_half  el_before_av_one_half  column-top-margin\" style='border-radius:0px; '><div  class='avia-image-container  av-styling-    avia-builder-el-41  avia-builder-el-no-sibling  avia-align-center '  itemprop=\"image\" itemscope=\"itemscope\" itemtype=\"https:\/\/schema.org\/ImageObject\"  ><div class='avia-image-container-inner'><div class='avia-image-overlay-wrap'><img class='avia_image' src='https:\/\/www.icop.it\/wp-content\/uploads\/2020\/05\/5_Attivit\u00e0-del-centro-4.jpg' alt='' title='' height=\"866\" width=\"1299\"  itemprop=\"thumbnailUrl\"  \/><\/div><\/div><\/div><\/div>\n<div class=\"flex_column av_one_half  flex_column_div av-zero-column-padding first  avia-builder-el-42  el_after_av_one_half  el_before_av_one_half  column-top-margin\" style='border-radius:0px; '><div  class='avia-image-container  av-styling-    avia-builder-el-43  avia-builder-el-no-sibling  avia-align-center '  itemprop=\"image\" itemscope=\"itemscope\" itemtype=\"https:\/\/schema.org\/ImageObject\"  ><div class='avia-image-container-inner'><div class='avia-image-overlay-wrap'><img class='avia_image' src='https:\/\/www.icop.it\/wp-content\/uploads\/2020\/05\/8_Indipendenza-economica-ed-energetica-3.jpg' alt='' title='' height=\"1318\" width=\"980\"  itemprop=\"thumbnailUrl\"  \/><\/div><\/div><\/div><\/div>\n<div class=\"flex_column av_one_half  flex_column_div av-zero-column-padding   avia-builder-el-44  el_after_av_one_half  el_before_av_one_full  column-top-margin\" style='border-radius:0px; '><section class=\"av_textblock_section \"  itemscope=\"itemscope\" itemtype=\"https:\/\/schema.org\/CreativeWork\" ><div class='avia_textblock  '   itemprop=\"text\" ><p class=\"p1\"><strong>I.CO.P. prend en charge l&rsquo;ensemble du processus de construction<\/strong>, en particulier:<\/p>\n<ul>\n<li class=\"p1\">s&rsquo;occupe de la <strong>proc\u00e9dure d&rsquo;appel d&rsquo;offres<\/strong>;<\/li>\n<li class=\"p1\">pr\u00e9pare les <strong>offres<\/strong>;<\/li>\n<li class=\"p1\">s&rsquo;occupe de la <strong>planification et des aspects techniques<\/strong>;<\/li>\n<li class=\"p1\"><strong>r\u00e9cup\u00e8re tous les mat\u00e9riaux<\/strong>, machines et \u00e9quipements n\u00e9cessaires;<\/li>\n<li class=\"p1\"><strong>s\u00e9lectionne<\/strong> le personnel;<\/li>\n<li class=\"p1\"><strong>organise<\/strong> les lieux de travail;<\/li>\n<li class=\"p1\">si n\u00e9cessaire, il <strong>soutient les activit\u00e9s<\/strong> avec les ing\u00e9nieurs et techniciens italiens;<\/li>\n<li class=\"p1\"><strong>implique autant que possible<\/strong> les communaut\u00e9s locales.<\/li>\n<\/ul>\n<p class=\"p1\">Parmi les valeurs de travail qu&rsquo;elle r\u00e9alise, la succursale s&rsquo;occupe de:<\/p>\n<ul>\n<li class=\"p1\"><strong>forage et construction de puits d&rsquo;eau<\/strong> (dans l&rsquo;ancien \u00c9tat des Lacs, une cinquantaine de puits ont \u00e9t\u00e9 for\u00e9s pour pouvoir puiser de l&rsquo;eau potable);<\/li>\n<li class=\"p1\"><strong>construction de petites structures<\/strong> murales qui garantissent \u00e0 l&rsquo;\u00e9cole d&rsquo;importants moyens de subsistance;<\/li>\n<li class=\"p1\"><strong>travaux de remise en \u00e9tat<\/strong>, de <strong>canalisation<\/strong> et de <strong>terrassement<\/strong>.<\/li>\n<\/ul>\n<\/div><\/section><\/div>\n<div class=\"flex_column av_one_full  flex_column_div av-zero-column-padding first  avia-builder-el-46  el_after_av_one_half  el_before_av_one_third  column-top-margin\" style='border-radius:0px; '><section class=\"av_textblock_section \"  itemscope=\"itemscope\" itemtype=\"https:\/\/schema.org\/CreativeWork\" ><div class='avia_textblock  '   itemprop=\"text\" ><p class=\"p1\">\u00c0 ce jour, un service d&rsquo;h\u00f4pital n\u00e9onatal de l&rsquo;h\u00f4pital d&rsquo;\u00c9tat de Rumbek a \u00e9t\u00e9 cr\u00e9\u00e9, au nom de l&rsquo;UNOPS, et des salles de classe et des services \u00e0 Cueibet \u00e0 l&rsquo;<strong>usage des r\u00e9fugi\u00e9s<\/strong>, au nom de l&rsquo;UNICEF: d&rsquo;une valeur totale de plus d&rsquo;un million d&rsquo;euros. Ces travaux ont garanti le financement de l&rsquo;\u00e9cole \u00e0 plus de 150 000,00 euros.<\/p>\n<p class=\"p1\">En 2018, I.CO.P. a particip\u00e9 au premier appel lanc\u00e9 par l&rsquo;AICS (Agence italienne pour la coop\u00e9ration au d\u00e9veloppement) destin\u00e9 aux entreprises \u00e0 but lucratif, obtenant un financement pour le \u00ab\u00a0Social Business for South Sudan: <strong>soutien \u00e0 l&rsquo;entrepreneuriat au Soudan du Sud<\/strong>, de l&rsquo;urgence humanitaire au d\u00e9veloppement humain et social\u00a0\u00bb. Le co\u00fbt total de l&rsquo;initiative admise au financement s&rsquo;\u00e9l\u00e8ve \u00e0 400 000,00 \u20ac. I.CO.P. interviendra \u00e0 hauteur de plus de 250 mille euros et le montant restant sera financ\u00e9 par l&rsquo;AICS.<\/p>\n<\/div><\/section><br \/>\n<div  class='avia-image-container  av-styling-    avia-builder-el-48  el_after_av_textblock  avia-builder-el-last  avia-align-center '  itemprop=\"image\" itemscope=\"itemscope\" itemtype=\"https:\/\/schema.org\/ImageObject\"  ><div class='avia-image-container-inner'><div class='avia-image-overlay-wrap'><img class='avia_image' src='https:\/\/www.icop.it\/wp-content\/uploads\/2020\/04\/9_Attivita\u0300-della-Branch-3.jpg' alt='' title='9_Attivita\u0300 della Branch (3)' height=\"866\" width=\"1299\"  itemprop=\"thumbnailUrl\"  \/><\/div><\/div><\/div><\/p><\/div>\n<div class=\"flex_column av_one_third  flex_column_div av-zero-column-padding first  avia-builder-el-49  el_after_av_one_full  el_before_av_one_third  column-top-margin\" style='border-radius:0px; '><div  class='avia-image-container  av-styling-    avia-builder-el-50  avia-builder-el-no-sibling  avia-align-center '  itemprop=\"image\" itemscope=\"itemscope\" itemtype=\"https:\/\/schema.org\/ImageObject\"  ><div class='avia-image-container-inner'><div class='avia-image-overlay-wrap'><img class='avia_image' src='https:\/\/www.icop.it\/wp-content\/uploads\/2020\/05\/Ospedale-4-scaled.jpg' alt='' title=''   itemprop=\"thumbnailUrl\"  \/><\/div><\/div><\/div><\/div>\n<div class=\"flex_column av_one_third  flex_column_div av-zero-column-padding   avia-builder-el-51  el_after_av_one_third  el_before_av_one_third  column-top-margin\" style='border-radius:0px; '><div  class='avia-image-container  av-styling-    avia-builder-el-52  avia-builder-el-no-sibling  avia-align-center '  itemprop=\"image\" itemscope=\"itemscope\" itemtype=\"https:\/\/schema.org\/ImageObject\"  ><div class='avia-image-container-inner'><div class='avia-image-overlay-wrap'><img class='avia_image' src='https:\/\/www.icop.it\/wp-content\/uploads\/2020\/05\/Ospedale-2-scaled.jpg' alt='' title='' height=\"2560\" width=\"1704\"  itemprop=\"thumbnailUrl\"  \/><\/div><\/div><\/div><\/div>\n<div class=\"flex_column av_one_third  flex_column_div av-zero-column-padding   avia-builder-el-53  el_after_av_one_third  el_before_av_one_full  column-top-margin\" style='border-radius:0px; '><div  class='avia-image-container  av-styling-    avia-builder-el-54  avia-builder-el-no-sibling  avia-align-center '  itemprop=\"image\" itemscope=\"itemscope\" itemtype=\"https:\/\/schema.org\/ImageObject\"  ><div class='avia-image-container-inner'><div class='avia-image-overlay-wrap'><img class='avia_image' src='https:\/\/www.icop.it\/wp-content\/uploads\/2020\/05\/Ospedale-1-scaled.jpg' alt='' title='' height=\"2560\" width=\"1704\"  itemprop=\"thumbnailUrl\"  \/><\/div><\/div><\/div><\/div>\n<div class=\"flex_column av_one_full  flex_column_div av-zero-column-padding first  avia-builder-el-55  el_after_av_one_third  el_before_av_hr  column-top-margin\" style='border-radius:0px; '><section class=\"av_textblock_section \"  itemscope=\"itemscope\" itemtype=\"https:\/\/schema.org\/CreativeWork\" ><div class='avia_textblock  '   itemprop=\"text\" ><p class=\"p1\">L&rsquo;objectif du projet est de d\u00e9velopper les activit\u00e9s d&rsquo;une entreprise sociale avec l&rsquo;implication du personnel local pour soutenir le <strong>processus de d\u00e9veloppement \u00e9conomique<\/strong>, social et culturel. En outre, il vise \u00e0 am\u00e9liorer les conditions de vie de la population de la zone, avec une attention particuli\u00e8re aux impacts sociaux sur les sujets les plus vuln\u00e9rables.<\/p>\n<\/div><\/section><\/div>\n<div  style='height:50px' class='hr hr-invisible   avia-builder-el-57  el_after_av_one_full  el_before_av_one_full '><span class='hr-inner ' ><span class='hr-inner-style'><\/span><\/span><\/div>\n<div class=\"flex_column av_one_full  flex_column_div av-zero-column-padding first  avia-builder-el-58  el_after_av_hr  el_before_av_one_full  \" style='border-radius:0px; '><section class=\"av_textblock_section \"  itemscope=\"itemscope\" itemtype=\"https:\/\/schema.org\/CreativeWork\" ><div class='avia_textblock  '   itemprop=\"text\" ><h4 class=\"p1\"><span class=\"s1\">Projet pour les femmes<\/span><\/h4>\n<p class=\"p1\">En parall\u00e8le de la formation et de l&rsquo;esprit d&rsquo;entreprise, il s&rsquo;agit \u00e9galement de <strong>sensibiliser les deux sexes<\/strong>, ce qui favorise l&rsquo;\u00e9mancipation des femmes et la valorisation de leur travail.<\/p>\n<p class=\"p1\">Les <strong>caract\u00e9ristiques culturelles et sociales de la population<\/strong> voient le groupe ethnique dominant de Dinka polygame, un homme a plus d&rsquo;une \u00e9pouse et un grand nombre d&rsquo;enfants dont il ne s&rsquo;occupe pas toujours. Le chef de famille laisse la m\u00e8re, seule, s&rsquo;occuper de la croissance de ses enfants et de leur entretien et conduit les animaux au p\u00e2turage. Les femmes vivent la plupart du temps sans la pr\u00e9sence de leur mari, sans aucun soutien financier et en cons\u00e9quence, elles sont expos\u00e9es \u00e0 une plus grande ins\u00e9curit\u00e9 alimentaire qui a des r\u00e9percussions directes sur leur sant\u00e9 et celle de leurs enfants.<\/p>\n<p class=\"p1\">I.CO.P. vise \u00e0 <strong>ouvrir de nouvelles opportunit\u00e9s aux femmes<\/strong>, tant dans la formation que dans le travail. L&rsquo;\u00e9cole est ouverte \u00e0 la formation des femmes, par cons\u00e9quence des <strong>cours de formation de base et agricole et des opportunit\u00e9s d&#8217;emploi sont propos\u00e9s<\/strong>.<\/p>\n<\/div><\/section><\/div>\n<div class=\"flex_column av_one_full  flex_column_div av-zero-column-padding first  avia-builder-el-60  el_after_av_one_full  el_before_av_one_full  column-top-margin\" style='border-radius:0px; '><div  class='av-horizontal-gallery av-horizontal-gallery-large-gap av-horizontal-gallery-enlarge-effect av-horizontal-gallery-2  avia-builder-el-61  avia-builder-el-no-sibling  av-control-default '  itemprop=\"image\" itemscope=\"itemscope\" itemtype=\"https:\/\/schema.org\/ImageObject\"  style='padding: 3.75% 0px;' data-av-enlarge='1.3'  ><div class='avia-slideshow-arrows avia-slideshow-controls'><a href='#prev' class='prev-slide av-horizontal-gallery-prev' aria-hidden='true' data-av_icon='\ue87c' data-av_iconfont='entypo-fontello'>Pr\u00e9c\u00e9dent<\/a><a href='#next' class='next-slide av-horizontal-gallery-next' aria-hidden='true' data-av_icon='\ue87d' data-av_iconfont='entypo-fontello'>Suivant <\/a><\/div><div class='av-horizontal-gallery-inner' style='padding-bottom:25%' data-av-height='25'><div class='av-horizontal-gallery-slider'><div class='av-horizontal-gallery-wrap noHover'><img class='av-horizontal-gallery-img' width='1030' height='685' src='https:\/\/www.icop.it\/wp-content\/uploads\/2020\/05\/Progetti-per-le-donne-3-scaled.jpg' title='' alt='' \/><a href='https:\/\/www.icop.it\/wp-content\/uploads\/2020\/05\/Progetti-per-le-donne-3-scaled.jpg'  class='av-horizontal-gallery-link' aria-hidden='true' data-av_icon='\ue869' data-av_iconfont='entypo-fontello' title=''><\/a><\/div><div class='av-horizontal-gallery-wrap noHover'><img class='av-horizontal-gallery-img' width='1030' height='774' src='https:\/\/www.icop.it\/wp-content\/uploads\/2020\/05\/Progetti-per-le-donne-2.jpg' title='' alt='' \/><a href='https:\/\/www.icop.it\/wp-content\/uploads\/2020\/05\/Progetti-per-le-donne-2.jpg'  class='av-horizontal-gallery-link' aria-hidden='true' data-av_icon='\ue869' data-av_iconfont='entypo-fontello' title=''><\/a><\/div><div class='av-horizontal-gallery-wrap noHover'><img class='av-horizontal-gallery-img' width='1030' height='687' src='https:\/\/www.icop.it\/wp-content\/uploads\/2020\/05\/Progetti-per-le-donne-1.jpg' title='' alt='' \/><a href='https:\/\/www.icop.it\/wp-content\/uploads\/2020\/05\/Progetti-per-le-donne-1.jpg'  class='av-horizontal-gallery-link' aria-hidden='true' data-av_icon='\ue869' data-av_iconfont='entypo-fontello' title=''><\/a><\/div><\/div><\/div><\/div><\/div>\n<div class=\"flex_column av_one_full  flex_column_div av-zero-column-padding first  avia-builder-el-62  el_after_av_one_full  el_before_av_one_third  column-top-margin\" style='border-radius:0px; '><section class=\"av_textblock_section \"  itemscope=\"itemscope\" itemtype=\"https:\/\/schema.org\/CreativeWork\" ><div class='avia_textblock  '   itemprop=\"text\" ><h4 class=\"p1\"><span class=\"s1\">Remerciements<\/span><\/h4>\n<p class=\"p1\">Pour ses projets au Soudan du Sud, en 2017 I.CO.P. a re\u00e7u l&rsquo;un des huit prix Sodalitas, les Oscars italiens de la durabilit\u00e9, et en particulier le premier prix dans la cat\u00e9gorie \u00abCommunaut\u00e9, territoire et qualit\u00e9 de vie\u00bb.<\/p>\n<\/div><\/section><\/div>\n<div class=\"flex_column av_one_third  flex_column_div av-zero-column-padding first  avia-builder-el-64  el_after_av_one_full  el_before_av_two_third  column-top-margin\" style='border-radius:0px; '><div  class='avia-image-container  av-styling-    avia-builder-el-65  avia-builder-el-no-sibling  avia-align-center '  itemprop=\"image\" itemscope=\"itemscope\" itemtype=\"https:\/\/schema.org\/ImageObject\"  ><div class='avia-image-container-inner'><div class='avia-image-overlay-wrap'><img class='avia_image' src='https:\/\/www.icop.it\/wp-content\/uploads\/2020\/05\/Premio_Sodalitas-scaled.jpg' alt='' title='' height=\"2560\" width=\"1921\"  itemprop=\"thumbnailUrl\"  \/><\/div><\/div><\/div><\/div>\n<div class=\"flex_column av_two_third  flex_column_div av-zero-column-padding   avia-builder-el-66  el_after_av_one_third  avia-builder-el-last  column-top-margin\" style='border-radius:0px; '><div  class='avia-image-container  av-styling-    avia-builder-el-67  avia-builder-el-no-sibling  avia-align-center '  itemprop=\"image\" itemscope=\"itemscope\" itemtype=\"https:\/\/schema.org\/ImageObject\"  ><div class='avia-image-container-inner'><div class='avia-image-overlay-wrap'><img class='avia_image' src='https:\/\/www.icop.it\/wp-content\/uploads\/2020\/04\/10_Progetti-2-scaled.jpg' alt='' title='10_Progetti (2)' height=\"1706\" width=\"2560\"  itemprop=\"thumbnailUrl\"  \/><\/div><\/div><\/div><\/div>\n","protected":false},"excerpt":{"rendered":"","protected":false},"author":1,"featured_media":0,"parent":18702,"menu_order":0,"comment_status":"closed","ping_status":"closed","template":"","meta":[],"_links":{"self":[{"href":"https:\/\/www.icop.it\/fr\/wp-json\/wp\/v2\/pages\/18721"}],"collection":[{"href":"https:\/\/www.icop.it\/fr\/wp-json\/wp\/v2\/pages"}],"about":[{"href":"https:\/\/www.icop.it\/fr\/wp-json\/wp\/v2\/types\/page"}],"author":[{"embeddable":true,"href":"https:\/\/www.icop.it\/fr\/wp-json\/wp\/v2\/users\/1"}],"replies":[{"embeddable":true,"href":"https:\/\/www.icop.it\/fr\/wp-json\/wp\/v2\/comments?post=18721"}],"version-history":[{"count":4,"href":"https:\/\/www.icop.it\/fr\/wp-json\/wp\/v2\/pages\/18721\/revisions"}],"predecessor-version":[{"id":18879,"href":"https:\/\/www.icop.it\/fr\/wp-json\/wp\/v2\/pages\/18721\/revisions\/18879"}],"up":[{"embeddable":true,"href":"https:\/\/www.icop.it\/fr\/wp-json\/wp\/v2\/pages\/18702"}],"wp:attachment":[{"href":"https:\/\/www.icop.it\/fr\/wp-json\/wp\/v2\/media?parent=18721"}],"curies":[{"name":"wp","href":"https:\/\/api.w.org\/{rel}","templated":true}]}}